{"id":3,"date":"2024-07-11T12:05:10","date_gmt":"2024-07-11T12:05:10","guid":{"rendered":"http:\/\/_\/?page_id=3"},"modified":"2025-05-01T17:16:52","modified_gmt":"2025-05-01T17:16:52","slug":"politicaprivacidad","status":"publish","type":"page","link":"https:\/\/picongranada.es\/en\/politicaprivacidad\/","title":{"rendered":"Privacy Policy"},"content":{"rendered":"<p>[et_pb_section fb_built=\u00bb1&#8243; _builder_version=\u00bb4.16&#8243; global_colors_info=\u00bb{}\u00bb][et_pb_row _builder_version=\u00bb4.27.4&#8243; _module_preset=\u00bbdefault\u00bb global_colors_info=\u00bb{}\u00bb][et_pb_column type=\u00bb4_4&#8243; _builder_version=\u00bb4.27.4&#8243; _module_preset=\u00bbdefault\u00bb global_colors_info=\u00bb{}\u00bb][et_pb_text _builder_version=\u00bb4.27.4&#8243; _module_preset=\u00bbdefault\u00bb hover_enabled=\u00bb0&#8243; global_colors_info=\u00bb{}\u00bb sticky_enabled=\u00bb0&#8243;]<\/p>\n<h1>Pol\u00edtica de Privacidad<\/h1>\n<p><\/p>\n<p>En <strong>TRINOMIO 2024 SL<\/strong> nos preocupamos por la privacidad y la transparencia. Adem\u00e1s, nos comprometemos a tratar sus datos en cumplimiento de la normativa de Protecci\u00f3n de Datos vigente:<\/p>\n<ul>\n<li>Reglamento UE 2016\/679, de 27 de abril de 2016 del Parlamento Europeo y del Consejo (RGPD).<\/li>\n<li>Ley Org\u00e1nica 3\/2018, de 5 de diciembre, de Protecci\u00f3n de Datos Personales y Garant\u00eda de los Derechos Digitales (LOPDPGDD).<\/li>\n<\/ul>\n<p>A continuaci\u00f3n, le indicamos en detalle los tratamientos de datos personales que realizamos, as\u00ed como toda la informaci\u00f3n relativa a los mismos.<\/p>\n<h2>1. \u00bfQui\u00e9n es el responsable del tratamiento de sus datos?<\/h2>\n<p><strong>TRINOMIO 2024 SL<\/strong><br \/>\nB70854187<br \/>\nC\/ CARRIL DEL PIC\u00d3N 3, BAJO &#8211; 18002 &#8211; GRANADA<br \/>\n655 011 711<br \/>\npicongranada@gmail.com<\/p>\n<h3>1.1. Datos de contacto del Delegado de Protecci\u00f3n de Datos (DPD):<\/h3>\n<p>GRUPO ALTABIR (FORMACONT SL), con CIF B18955195<br \/>\nC\/ Luis Amador 26, Centro de Negocios C\u00e1mara de Comercio de Granada, P.0 &#8211; Of.B<br \/>\ndpo@altabir.es<\/p>\n<h2>2. \u00bfCon qu\u00e9 finalidad tratamos sus datos personales?<\/h2>\n<p>En TRINOMIO 2024 SL tratamos la informaci\u00f3n que nos facilitan las personas interesadas con diferentes finalidades. A continuaci\u00f3n, se describen cada una:<\/p>\n<ul>\n<li><strong>Candidatos a un puesto de trabajo:<\/strong> Gesti\u00f3n de curr\u00edculums y procesos de selecci\u00f3n.<\/li>\n<li><strong>Clientes:<\/strong> Gesti\u00f3n administrativa, contable y fiscal, adem\u00e1s de comunicaciones promocionales.<\/li>\n<li><strong>Potenciales clientes y contactos:<\/strong> Gesti\u00f3n comercial y env\u00edo de promociones.<\/li>\n<li><strong>Proveedores:<\/strong> Gesti\u00f3n administrativa, contable y fiscal, y contactos profesionales.<\/li>\n<li><strong>Personal:<\/strong> Gesti\u00f3n laboral completa, incluyendo formaci\u00f3n y prevenci\u00f3n.<\/li>\n<li><strong>Ejercicio de derechos:<\/strong> Atenci\u00f3n a solicitudes relacionadas con derechos de protecci\u00f3n de datos.<\/li>\n<li><strong>Protocolo de prevenci\u00f3n del acoso:<\/strong> Gesti\u00f3n de denuncias y entrevistas relacionadas.<\/li>\n<li><strong>Formulario de contacto web:<\/strong> Atenci\u00f3n a solicitudes realizadas en la web.<\/li>\n<li><strong>Reservas:<\/strong> Gesti\u00f3n del libro de reservas del restaurante-cafeter\u00eda.<\/li>\n<li><strong>Videovigilancia laboral:<\/strong> Supervisi\u00f3n de la actividad laboral.<\/li>\n<li><strong>Videovigilancia seguridad:<\/strong> Garantizar la seguridad de personas, bienes e instalaciones.<\/li>\n<\/ul>\n<p>No se tomar\u00e1n decisiones automatizadas. Si no se facilitan los datos, no podremos cumplir con las finalidades descritas.<\/p>\n<h2>3. \u00bfPor cu\u00e1nto tiempo conservaremos sus datos?<\/h2>\n<p>Dependiendo del tratamiento, los datos se conservar\u00e1n durante diferentes periodos. Aqu\u00ed los detallamos:<\/p>\n<ul>\n<li><strong>Candidatos:<\/strong> 2 a\u00f1os desde la \u00faltima interacci\u00f3n.<\/li>\n<li><strong>Clientes y proveedores:<\/strong> Mientras no se solicite la supresi\u00f3n, y en su caso, durante los a\u00f1os necesarios por ley.<\/li>\n<li><strong>Potenciales clientes y contactos:<\/strong> Mientras no se solicite su supresi\u00f3n.<\/li>\n<li><strong>Personal:<\/strong> Durante la relaci\u00f3n laboral y los a\u00f1os necesarios por ley.<\/li>\n<li><strong>Derechos de los interesados:<\/strong> M\u00ednimo 3 a\u00f1os para atender posibles reclamaciones.<\/li>\n<li><strong>Protocolo de acoso:<\/strong> 2 a\u00f1os salvo necesidad legal.<\/li>\n<li><strong>Formulario de contacto y reservas:<\/strong> Mientras no se solicite su supresi\u00f3n.<\/li>\n<li><strong>Videovigilancia (laboral y seguridad):<\/strong> M\u00e1ximo 30 d\u00edas salvo requerimiento judicial o policial.<\/li>\n<\/ul>\n<h2>4. \u00bfCu\u00e1l es la legitimaci\u00f3n para el tratamiento de sus datos?<\/h2>\n<p>Dependiendo del tipo de datos, la base legal puede variar. Aqu\u00ed se detallan por tipo:<\/p>\n<ul>\n<li><strong>Candidatos:<\/strong> Ejecuci\u00f3n de medidas precontractuales (RGPD art. 6.1.b).<\/li>\n<li><strong>Clientes:<\/strong> Ejecuci\u00f3n de contrato (6.1.b) e inter\u00e9s leg\u00edtimo (LSSICE art. 21.2).<\/li>\n<li><strong>Potenciales clientes:<\/strong> Ejecuci\u00f3n de contrato (6.1.b), consentimiento (6.1.a), e inter\u00e9s leg\u00edtimo (6.1.f).<\/li>\n<li><strong>Proveedores:<\/strong> Ejecuci\u00f3n de contrato (6.1.b) e inter\u00e9s leg\u00edtimo (6.1.f).<\/li>\n<li><strong>Personal:<\/strong> Ejecuci\u00f3n de contrato (6.1.b), obligaci\u00f3n legal (6.1.c y 9.2.b), legislaci\u00f3n laboral.<\/li>\n<li><strong>Ejercicio de derechos:<\/strong> Obligaci\u00f3n legal (6.1.c).<\/li>\n<li><strong>Protocolo de acoso:<\/strong> Obligaci\u00f3n legal (Ley Org\u00e1nica 3\/2007, RD 901\/2020).<\/li>\n<li><strong>Formulario de contacto:<\/strong> Ejecuci\u00f3n de contrato (6.1.b).<\/li>\n<li><strong>Reservas:<\/strong> Inter\u00e9s leg\u00edtimo (6.1.f).<\/li>\n<li><strong>Videovigilancia laboral:<\/strong> Ley del Estatuto de los Trabajadores (art. 20.3), LOPDGDD (art. 89).<\/li>\n<li><strong>Videovigilancia seguridad:<\/strong> Misi\u00f3n en inter\u00e9s p\u00fablico (6.1.e).<\/li>\n<\/ul>\n<h2>5. \u00bfA qu\u00e9 destinatarios se comunicar\u00e1n sus datos?<\/h2>\n<p>Dependiendo del tratamiento, se comunicar\u00e1n datos a:<\/p>\n<ul>\n<li><strong>Candidatos:<\/strong> No se ceder\u00e1n datos.<\/li>\n<li><strong>Clientes:<\/strong> Administraci\u00f3n Tributaria y entidades financieras.<\/li>\n<li><strong>Potenciales clientes:<\/strong> No se ceder\u00e1n datos.<\/li>\n<li><strong>Proveedores:<\/strong> Administraci\u00f3n Tributaria y entidades financieras.<\/li>\n<li><strong>Personal:<\/strong> Administraci\u00f3n Tributaria, Seguridad Social, Mutua, bancos, Fundae.<\/li>\n<li><strong>Derechos de interesados:<\/strong> Autoridades de control, organismos p\u00fablicos, Defensor del Pueblo.<\/li>\n<li><strong>Protocolo de acoso:<\/strong> Fuerzas de seguridad, organismos judiciales, Ministerio Fiscal.<\/li>\n<li><strong>Formulario de contacto y reservas:<\/strong> No se ceder\u00e1n datos.<\/li>\n<li><strong>Videovigilancia laboral:<\/strong> Juzgados y Tribunales si procede.<\/li>\n<li><strong>Videovigilancia seguridad:<\/strong> Fuerzas de seguridad y Juzgados si procede.<\/li>\n<\/ul>\n<h2>6. Transferencias de datos a terceros pa\u00edses<\/h2>\n<p>No est\u00e1n previstas transferencias internacionales de datos en ninguno de los tratamientos realizados por TRINOMIO 2024 SL.<\/p>\n<h2>7. \u00bfCu\u00e1les son sus derechos cuando nos facilita sus datos?<\/h2>\n<p>Usted tiene derecho a:<\/p>\n<ul>\n<li>Acceder a sus datos personales.<\/li>\n<li>Solicitar su rectificaci\u00f3n o supresi\u00f3n.<\/li>\n<li>Solicitar la limitaci\u00f3n de su tratamiento.<\/li>\n<li>Oponerse al tratamiento.<\/li>\n<li>Ejercer su derecho a la portabilidad.<\/li>\n<\/ul>\n<p>Puede ejercer sus derechos contactando a: <strong>dpo@altabir.es<\/strong> o en <strong>C\/ Luis Amador 26, Centro de Negocios C\u00e1mara de Comercio de Granada, P.0 &#8211; Of.B<\/strong>.<\/p>\n<p>Tambi\u00e9n puede retirar su consentimiento en cualquier momento sin afectar a la licitud del tratamiento anterior a la retirada.<\/p>\n<p>Si considera que sus derechos han sido vulnerados, puede reclamar ante la <a href=\"https:\/\/www.aepd.es\">Agencia Espa\u00f1ola de Protecci\u00f3n de Datos<\/a>.<\/p>\n<h2>8. \u00bfC\u00f3mo hemos obtenido sus datos?<\/h2>\n<p>Los datos personales que tratamos en TRINOMIO 2024 SL proceden del propio interesado.<\/p>\n<p>[\/et_pb_text][\/et_pb_column][\/et_pb_row][\/et_pb_section]<\/p>","protected":false},"excerpt":{"rendered":"<p>Pol\u00edtica de Privacidad En TRINOMIO 2024 SL nos preocupamos por la privacidad y la transparencia. Adem\u00e1s, nos comprometemos a tratar sus datos en cumplimiento de la normativa de Protecci\u00f3n de Datos vigente: Reglamento UE 2016\/679, de 27 de abril de 2016 del Parlamento Europeo y del Consejo (RGPD). Ley Org\u00e1nica 3\/2018, de 5 de diciembre, [&hellip;]<\/p>","protected":false},"author":1,"featured_media":0,"parent":0,"menu_order":0,"comment_status":"closed","ping_status":"closed","template":"","meta":{"_et_pb_use_builder":"on","_et_pb_old_content":"<!-- wp:heading -->\n<h2 class=\"wp-block-heading\">Who we are<\/h2>\n<!-- \/wp:heading -->\n<!-- wp:paragraph -->\n<p><strong class=\"privacy-policy-tutorial\">Suggested text: <\/strong>Our website address is: http:\/\/_.<\/p>\n<!-- \/wp:paragraph -->\n<!-- wp:heading -->\n<h2 class=\"wp-block-heading\">Comments<\/h2>\n<!-- \/wp:heading -->\n<!-- wp:paragraph -->\n<p><strong class=\"privacy-policy-tutorial\">Suggested text: <\/strong>When visitors leave comments on the site we collect the data shown in the comments form, and also the visitor&#8217;s IP address and browser user agent string to help spam detection.<\/p>\n<!-- \/wp:paragraph -->\n<!-- wp:paragraph -->\n<p>An anonymized string created from your email address (also called a hash) may be provided to the Gravatar service to see if you are using it. The Gravatar service privacy policy is available here: https:\/\/automattic.com\/privacy\/. After approval of your comment, your profile picture is visible to the public in the context of your comment.<\/p>\n<!-- \/wp:paragraph -->\n<!-- wp:heading -->\n<h2 class=\"wp-block-heading\">Media<\/h2>\n<!-- \/wp:heading -->\n<!-- wp:paragraph -->\n<p><strong class=\"privacy-policy-tutorial\">Suggested text: <\/strong>If you upload images to the website, you should avoid uploading images with embedded location data (EXIF GPS) included. Visitors to the website can download and extract any location data from images on the website.<\/p>\n<!-- \/wp:paragraph -->\n<!-- wp:heading -->\n<h2 class=\"wp-block-heading\">Cookies<\/h2>\n<!-- \/wp:heading -->\n<!-- wp:paragraph -->\n<p><strong class=\"privacy-policy-tutorial\">Suggested text: <\/strong>If you leave a comment on our site you may opt-in to saving your name, email address and website in cookies. These are for your convenience so that you do not have to fill in your details again when you leave another comment. These cookies will last for one year.<\/p>\n<!-- \/wp:paragraph -->\n<!-- wp:paragraph -->\n<p>If you visit our login page, we will set a temporary cookie to determine if your browser accepts cookies. This cookie contains no personal data and is discarded when you close your browser.<\/p>\n<!-- \/wp:paragraph -->\n<!-- wp:paragraph -->\n<p>When you log in, we will also set up several cookies to save your login information and your screen display choices. Login cookies last for two days, and screen options cookies last for a year. If you select &quot;Remember Me&quot;, your login will persist for two weeks. If you log out of your account, the login cookies will be removed.<\/p>\n<!-- \/wp:paragraph -->\n<!-- wp:paragraph -->\n<p>If you edit or publish an article, an additional cookie will be saved in your browser. This cookie includes no personal data and simply indicates the post ID of the article you just edited. It expires after 1 day.<\/p>\n<!-- \/wp:paragraph -->\n<!-- wp:heading -->\n<h2 class=\"wp-block-heading\">Embedded content from other websites<\/h2>\n<!-- \/wp:heading -->\n<!-- wp:paragraph -->\n<p><strong class=\"privacy-policy-tutorial\">Suggested text: <\/strong>Articles on this site may include embedded content (e.g. videos, images, articles, etc.). Embedded content from other websites behaves in the exact same way as if the visitor has visited the other website.<\/p>\n<!-- \/wp:paragraph -->\n<!-- wp:paragraph -->\n<p>These websites may collect data about you, use cookies, embed additional third-party tracking, and monitor your interaction with that embedded content, including tracking your interaction with the embedded content if you have an account and are logged in to that website.<\/p>\n<!-- \/wp:paragraph -->\n<!-- wp:heading -->\n<h2 class=\"wp-block-heading\">Who we share your data with<\/h2>\n<!-- \/wp:heading -->\n<!-- wp:paragraph -->\n<p><strong class=\"privacy-policy-tutorial\">Suggested text: <\/strong>If you request a password reset, your IP address will be included in the reset email.<\/p>\n<!-- \/wp:paragraph -->\n<!-- wp:heading -->\n<h2 class=\"wp-block-heading\">How long we retain your data<\/h2>\n<!-- \/wp:heading -->\n<!-- wp:paragraph -->\n<p><strong class=\"privacy-policy-tutorial\">Suggested text: <\/strong>If you leave a comment, the comment and its metadata are retained indefinitely. This is so we can recognize and approve any follow-up comments automatically instead of holding them in a moderation queue.<\/p>\n<!-- \/wp:paragraph -->\n<!-- wp:paragraph -->\n<p>For users that register on our website (if any), we also store the personal information they provide in their user profile. All users can see, edit, or delete their personal information at any time (except they cannot change their username). Website administrators can also see and edit that information.<\/p>\n<!-- \/wp:paragraph -->\n<!-- wp:heading -->\n<h2 class=\"wp-block-heading\">What rights you have over your data<\/h2>\n<!-- \/wp:heading -->\n<!-- wp:paragraph -->\n<p><strong class=\"privacy-policy-tutorial\">Suggested text: <\/strong>If you have an account on this site, or have left comments, you can request to receive an exported file of the personal data we hold about you, including any data you have provided to us. You can also request that we erase any personal data we hold about you. This does not include any data we are obliged to keep for administrative, legal, or security purposes.<\/p>\n<!-- \/wp:paragraph -->\n<!-- wp:heading -->\n<h2 class=\"wp-block-heading\">Where your data is sent<\/h2>\n<!-- \/wp:heading -->\n<!-- wp:paragraph -->\n<p><strong class=\"privacy-policy-tutorial\">Suggested text: <\/strong>Visitor comments may be checked through an automated spam detection service.<\/p>\n<!-- \/wp:paragraph -->\n","_et_gb_content_width":"","footnotes":""},"class_list":["post-3","page","type-page","status-publish","hentry"],"yoast_head":"<!-- This site is optimized with the Yoast SEO plugin v26.4 - https:\/\/yoast.com\/wordpress\/plugins\/seo\/ -->\n<title>Politica-privacidad - Pic\u00f3n Granada<\/title>\n<meta name=\"robots\" content=\"index, follow, max-snippet:-1, max-image-preview:large, max-video-preview:-1\" \/>\n<link rel=\"canonical\" href=\"https:\/\/picongranada.es\/en\/politicaprivacidad\/\" \/>\n<meta property=\"og:locale\" content=\"en_US\" \/>\n<meta property=\"og:type\" content=\"article\" \/>\n<meta property=\"og:title\" content=\"Politica-privacidad - Pic\u00f3n Granada\" \/>\n<meta property=\"og:description\" content=\"Pol\u00edtica de Privacidad En TRINOMIO 2024 SL nos preocupamos por la privacidad y la transparencia. Adem\u00e1s, nos comprometemos a tratar sus datos en cumplimiento de la normativa de Protecci\u00f3n de Datos vigente: Reglamento UE 2016\/679, de 27 de abril de 2016 del Parlamento Europeo y del Consejo (RGPD). Ley Org\u00e1nica 3\/2018, de 5 de diciembre, [&hellip;]\" \/>\n<meta property=\"og:url\" content=\"https:\/\/picongranada.es\/en\/politicaprivacidad\/\" \/>\n<meta property=\"og:site_name\" content=\"Pic\u00f3n Granada\" \/>\n<meta property=\"article:modified_time\" content=\"2025-05-01T17:16:52+00:00\" \/>\n<meta name=\"twitter:card\" content=\"summary_large_image\" \/>\n<meta name=\"twitter:label1\" content=\"Est. reading time\" \/>\n\t<meta name=\"twitter:data1\" content=\"5 minutes\" \/>\n<script type=\"application\/ld+json\" class=\"yoast-schema-graph\">{\"@context\":\"https:\/\/schema.org\",\"@graph\":[{\"@type\":\"WebPage\",\"@id\":\"https:\/\/picongranada.es\/politicaprivacidad\/\",\"url\":\"https:\/\/picongranada.es\/politicaprivacidad\/\",\"name\":\"Politica-privacidad - Pic\u00f3n Granada\",\"isPartOf\":{\"@id\":\"https:\/\/picongranada.es\/#website\"},\"datePublished\":\"2024-07-11T12:05:10+00:00\",\"dateModified\":\"2025-05-01T17:16:52+00:00\",\"breadcrumb\":{\"@id\":\"https:\/\/picongranada.es\/politicaprivacidad\/#breadcrumb\"},\"inLanguage\":\"en-US\",\"potentialAction\":[{\"@type\":\"ReadAction\",\"target\":[\"https:\/\/picongranada.es\/politicaprivacidad\/\"]}]},{\"@type\":\"BreadcrumbList\",\"@id\":\"https:\/\/picongranada.es\/politicaprivacidad\/#breadcrumb\",\"itemListElement\":[{\"@type\":\"ListItem\",\"position\":1,\"name\":\"Portada\",\"item\":\"https:\/\/picongranada.es\/\"},{\"@type\":\"ListItem\",\"position\":2,\"name\":\"Politica-privacidad\"}]},{\"@type\":\"WebSite\",\"@id\":\"https:\/\/picongranada.es\/#website\",\"url\":\"https:\/\/picongranada.es\/\",\"name\":\"Pic\u00f3n Granada\",\"description\":\"Restaurante en Granada con cocina tradicional andaluza\",\"publisher\":{\"@id\":\"https:\/\/picongranada.es\/#organization\"},\"potentialAction\":[{\"@type\":\"SearchAction\",\"target\":{\"@type\":\"EntryPoint\",\"urlTemplate\":\"https:\/\/picongranada.es\/?s={search_term_string}\"},\"query-input\":{\"@type\":\"PropertyValueSpecification\",\"valueRequired\":true,\"valueName\":\"search_term_string\"}}],\"inLanguage\":\"en-US\"},{\"@type\":\"Organization\",\"@id\":\"https:\/\/picongranada.es\/#organization\",\"name\":\"Pic\u00f3n Granada\",\"url\":\"https:\/\/picongranada.es\/\",\"logo\":{\"@type\":\"ImageObject\",\"inLanguage\":\"en-US\",\"@id\":\"https:\/\/picongranada.es\/#\/schema\/logo\/image\/\",\"url\":\"https:\/\/picongranada.es\/wp-content\/uploads\/2024\/07\/Logo.png\",\"contentUrl\":\"https:\/\/picongranada.es\/wp-content\/uploads\/2024\/07\/Logo.png\",\"width\":557,\"height\":203,\"caption\":\"Pic\u00f3n Granada\"},\"image\":{\"@id\":\"https:\/\/picongranada.es\/#\/schema\/logo\/image\/\"},\"sameAs\":[\"https:\/\/www.instagram.com\/picon.granada\/?hl=es\"]}]}<\/script>\n<!-- \/ Yoast SEO plugin. -->","yoast_head_json":{"title":"Politica-privacidad - Pic\u00f3n Granada","robots":{"index":"index","follow":"follow","max-snippet":"max-snippet:-1","max-image-preview":"max-image-preview:large","max-video-preview":"max-video-preview:-1"},"canonical":"https:\/\/picongranada.es\/en\/politicaprivacidad\/","og_locale":"en_US","og_type":"article","og_title":"Politica-privacidad - Pic\u00f3n Granada","og_description":"Pol\u00edtica de Privacidad En TRINOMIO 2024 SL nos preocupamos por la privacidad y la transparencia. Adem\u00e1s, nos comprometemos a tratar sus datos en cumplimiento de la normativa de Protecci\u00f3n de Datos vigente: Reglamento UE 2016\/679, de 27 de abril de 2016 del Parlamento Europeo y del Consejo (RGPD). Ley Org\u00e1nica 3\/2018, de 5 de diciembre, [&hellip;]","og_url":"https:\/\/picongranada.es\/en\/politicaprivacidad\/","og_site_name":"Pic\u00f3n Granada","article_modified_time":"2025-05-01T17:16:52+00:00","twitter_card":"summary_large_image","twitter_misc":{"Est. reading time":"5 minutes"},"schema":{"@context":"https:\/\/schema.org","@graph":[{"@type":"WebPage","@id":"https:\/\/picongranada.es\/politicaprivacidad\/","url":"https:\/\/picongranada.es\/politicaprivacidad\/","name":"Politica-privacidad - Pic\u00f3n Granada","isPartOf":{"@id":"https:\/\/picongranada.es\/#website"},"datePublished":"2024-07-11T12:05:10+00:00","dateModified":"2025-05-01T17:16:52+00:00","breadcrumb":{"@id":"https:\/\/picongranada.es\/politicaprivacidad\/#breadcrumb"},"inLanguage":"en-US","potentialAction":[{"@type":"ReadAction","target":["https:\/\/picongranada.es\/politicaprivacidad\/"]}]},{"@type":"BreadcrumbList","@id":"https:\/\/picongranada.es\/politicaprivacidad\/#breadcrumb","itemListElement":[{"@type":"ListItem","position":1,"name":"Portada","item":"https:\/\/picongranada.es\/"},{"@type":"ListItem","position":2,"name":"Politica-privacidad"}]},{"@type":"WebSite","@id":"https:\/\/picongranada.es\/#website","url":"https:\/\/picongranada.es\/","name":"Pic\u00f3n Granada","description":"Restaurante en Granada con cocina tradicional andaluza","publisher":{"@id":"https:\/\/picongranada.es\/#organization"},"potentialAction":[{"@type":"SearchAction","target":{"@type":"EntryPoint","urlTemplate":"https:\/\/picongranada.es\/?s={search_term_string}"},"query-input":{"@type":"PropertyValueSpecification","valueRequired":true,"valueName":"search_term_string"}}],"inLanguage":"en-US"},{"@type":"Organization","@id":"https:\/\/picongranada.es\/#organization","name":"Pic\u00f3n Granada","url":"https:\/\/picongranada.es\/","logo":{"@type":"ImageObject","inLanguage":"en-US","@id":"https:\/\/picongranada.es\/#\/schema\/logo\/image\/","url":"https:\/\/picongranada.es\/wp-content\/uploads\/2024\/07\/Logo.png","contentUrl":"https:\/\/picongranada.es\/wp-content\/uploads\/2024\/07\/Logo.png","width":557,"height":203,"caption":"Pic\u00f3n Granada"},"image":{"@id":"https:\/\/picongranada.es\/#\/schema\/logo\/image\/"},"sameAs":["https:\/\/www.instagram.com\/picon.granada\/?hl=es"]}]}},"_links":{"self":[{"href":"https:\/\/picongranada.es\/en\/wp-json\/wp\/v2\/pages\/3","targetHints":{"allow":["GET"]}}],"collection":[{"href":"https:\/\/picongranada.es\/en\/wp-json\/wp\/v2\/pages"}],"about":[{"href":"https:\/\/picongranada.es\/en\/wp-json\/wp\/v2\/types\/page"}],"author":[{"embeddable":true,"href":"https:\/\/picongranada.es\/en\/wp-json\/wp\/v2\/users\/1"}],"replies":[{"embeddable":true,"href":"https:\/\/picongranada.es\/en\/wp-json\/wp\/v2\/comments?post=3"}],"version-history":[{"count":7,"href":"https:\/\/picongranada.es\/en\/wp-json\/wp\/v2\/pages\/3\/revisions"}],"predecessor-version":[{"id":290,"href":"https:\/\/picongranada.es\/en\/wp-json\/wp\/v2\/pages\/3\/revisions\/290"}],"wp:attachment":[{"href":"https:\/\/picongranada.es\/en\/wp-json\/wp\/v2\/media?parent=3"}],"curies":[{"name":"wp","href":"https:\/\/api.w.org\/{rel}","templated":true}]}}