{"id":417,"date":"2025-11-29T20:15:46","date_gmt":"2025-11-29T20:15:46","guid":{"rendered":"https:\/\/picongranada.es\/?page_id=417"},"modified":"2025-12-22T23:36:13","modified_gmt":"2025-12-22T23:36:13","slug":"supermenus","status":"publish","type":"page","link":"https:\/\/picongranada.es\/en\/supermenus\/","title":{"rendered":"Menus"},"content":{"rendered":"<p>[et_pb_section fb_built=\u00bb1&#8243; admin_label=\u00bbHero\u00bb _builder_version=\u00bb4.27.4&#8243; _module_preset=\u00bbdefault\u00bb background_enable_color=\u00bboff\u00bb background_image=\u00bbhttps:\/\/picongranada.es\/wp-content\/uploads\/2025\/11\/PICON-CC-ENERO-25-1-scaled.jpg\u00bb background_enable_mask_style=\u00bbon\u00bb background_mask_style=\u00bbcaret\u00bb custom_padding=\u00bb0vw||0vw||true|false\u00bb locked=\u00bboff\u00bb collapsed=\u00bbon\u00bb global_colors_info=\u00bb{}\u00bb][et_pb_row column_structure=\u00bb1_2,1_2&#8243; _builder_version=\u00bb4.24.2&#8243; _module_preset=\u00bb5138c454-be54-4233-bd3b-f8e6a8747976&#8243; locked=\u00bboff\u00bb global_colors_info=\u00bb{}\u00bb][et_pb_column type=\u00bb1_2&#8243; _builder_version=\u00bb4.23.1&#8243; _module_preset=\u00bb73121f80-a3ef-4484-8763-c3f18e3c56d2&#8243; global_colors_info=\u00bb{}\u00bb][et_pb_heading title=\u00bbMen\u00fas creados para disfrutar en grupo\u00bb _builder_version=\u00bb4.27.4&#8243; _module_preset=\u00bbf0c675ea-2574-4d0e-b725-30f8550a8550&#8243; title_font=\u00bbSource Sans Pro|Playfair Display_weight||on|||||\u00bb title_text_color=\u00bb#fb8500&#8243; locked=\u00bboff\u00bb global_colors_info=\u00bb{%22#fb8500%22:%91%22title_text_color%22%93}\u00bb][\/et_pb_heading][et_pb_heading title=\u00bbSabor, tradici\u00f3n y momentos compartidos\u00bb _builder_version=\u00bb4.27.4&#8243; _module_preset=\u00bbddeb8c09-9078-4424-bc15-2efb6572e28e\u00bb title_font=\u00bbPlayfair Display|Playfair Display_weight|||||||\u00bb locked=\u00bboff\u00bb global_colors_info=\u00bb{}\u00bb][\/et_pb_heading][et_pb_text quote_border_color=\u00bb#ffb703&#8243; _builder_version=\u00bb4.27.4&#8243; _module_preset=\u00bb2c55a9c4-feed-423b-9edb-ae0b5b365cac\u00bb text_font=\u00bbSource Sans Pro|Source Sans Pro_weight|||||||\u00bb link_font=\u00bb|Source Sans Pro_weight|||||||\u00bb link_text_color=\u00bb#fb8500&#8243; quote_font=\u00bbPlayfair Display|Playfair Display_weight|||||||\u00bb header_font=\u00bbPlayfair Display|Playfair Display_weight|||||||\u00bb header_2_font=\u00bbPlayfair Display|Playfair Display_weight|||||||\u00bb header_3_font=\u00bbPlayfair Display|Playfair Display_weight|||||||\u00bb header_4_font=\u00bbPlayfair Display|Playfair Display_weight|||||||\u00bb header_5_font=\u00bbPlayfair Display|Playfair Display_weight|||||||\u00bb header_6_font=\u00bbPlayfair Display|Playfair Display_weight|||||||\u00bb locked=\u00bboff\u00bb global_colors_info=\u00bb{}\u00bb]<\/p>\n<p>En Pic\u00f3n Granada celebramos la cocina tradicional desde la cercan\u00eda y el respeto al producto. Nuestros men\u00fas para grupos est\u00e1n pensados para disfrutar juntos, compartir sabores y vivir una experiencia perfecta para cualquier ocasi\u00f3n.<\/p>\n<p>[\/et_pb_text][et_pb_button button_text=\u00bbExplora nuestros men\u00fas \u00bb _builder_version=\u00bb4.27.4&#8243; _module_preset=\u00bb1bffc0fc-42a0-49d1-bd9a-ae3ade2d7206&#8243; custom_button=\u00bboff\u00bb hover_enabled=\u00bb0&#8243; locked=\u00bboff\u00bb global_colors_info=\u00bb{}\u00bb sticky_enabled=\u00bb0&#8243;][\/et_pb_button][\/et_pb_column][et_pb_column type=\u00bb1_2&#8243; _builder_version=\u00bb4.23.1&#8243; _module_preset=\u00bb73121f80-a3ef-4484-8763-c3f18e3c56d2&#8243; global_colors_info=\u00bb{}\u00bb][\/et_pb_column][\/et_pb_row][\/et_pb_section][et_pb_section fb_built=\u00bb1&#8243; admin_label=\u00bbMenu Pricing\u00bb _builder_version=\u00bb4.18.0&#8243; _module_preset=\u00bbdefault\u00bb collapsed=\u00bbon\u00bb global_colors_info=\u00bb{}\u00bb][et_pb_row _builder_version=\u00bb4.18.0&#8243; _module_preset=\u00bb5138c454-be54-4233-bd3b-f8e6a8747976&#8243; global_colors_info=\u00bb{}\u00bb][et_pb_column type=\u00bb4_4&#8243; _builder_version=\u00bb4.18.0&#8243; _module_preset=\u00bb73121f80-a3ef-4484-8763-c3f18e3c56d2&#8243; global_colors_info=\u00bb{}\u00bb][et_pb_heading title=\u00bbNuestros men\u00fas\u00bb _builder_version=\u00bb4.27.4&#8243; _module_preset=\u00bbc33f07d9-41e0-421a-8799-5799df695cce\u00bb title_font=\u00bbPlayfair Display|Playfair Display_weight|||||||\u00bb locked=\u00bboff\u00bb global_colors_info=\u00bb{}\u00bb][\/et_pb_heading][\/et_pb_column][\/et_pb_row][et_pb_row column_structure=\u00bb1_2,1_2&#8243; _builder_version=\u00bb4.27.4&#8243; _module_preset=\u00bb5138c454-be54-4233-bd3b-f8e6a8747976&#8243; global_colors_info=\u00bb{}\u00bb][et_pb_column type=\u00bb1_2&#8243; _builder_version=\u00bb4.27.4&#8243; _module_preset=\u00bb73121f80-a3ef-4484-8763-c3f18e3c56d2&#8243; custom_padding_tablet=\u00bb0px||||false|false\u00bb custom_padding_phone=\u00bb0px||||false|false\u00bb custom_padding_last_edited=\u00bboff|desktop\u00bb global_colors_info=\u00bb{}\u00bb][et_pb_heading _builder_version=\u00bb4.27.4&#8243; _module_preset=\u00bbba4a6336-701f-47b8-bf5c-09da0ce28016&#8243; title_font=\u00bbPlayfair Display|Playfair Display_weight|||||||\u00bb title_text_color=\u00bb#fb8500&#8243; locked=\u00bboff\u00bb global_colors_info=\u00bb{%22#fb8500%22:%91%22title_text_color%22%93}\u00bb][\/et_pb_heading][et_pb_accordion _builder_version=\u00bb4.27.4&#8243; _module_preset=\u00bbdefault\u00bb global_colors_info=\u00bb{}\u00bb][et_pb_accordion_item title=\u00bbMen\u00fa Alambrera &#8211; 40\u20ac\u00bb open=\u00bbon\u00bb _builder_version=\u00bb4.27.4&#8243; _module_preset=\u00bbdefault\u00bb global_colors_info=\u00bb{}\u00bb title__hover_enabled=\u00bboff|desktop\u00bb]<\/p>\n<p>Una propuesta desenfadada y sabrosa donde el producto fresco, la tradici\u00f3n y los matices ahumados se encuentran en un men\u00fa ideal para compartir sin prisas.<\/p>\n<p><strong>Selecci\u00f3n de entrantes para compartir:<\/strong><\/p>\n<ul>\n<li>Ensaladilla rusa de guanciale con yema curada.<\/li>\n<li>Puerros confitados en salsa romesco y picada de frutos secos.<\/li>\n<li>Croqueta de la abuela.<\/li>\n<li>Croqueta de fideu\u00e1 negra.<\/li>\n<li>Calamar nacional a la parrilla sobre calabaza cortijera.<\/li>\n<li>Abanico ib\u00e9rico de bellota en soja y jengibre con guarnici\u00f3n de patatas fritas.<\/li>\n<\/ul>\n<p>[\/et_pb_accordion_item][et_pb_accordion_item title=\u00bbMen\u00fa Badila &#8211; 45\u20ac\u00bb _builder_version=\u00bb4.27.4&#8243; _module_preset=\u00bbdefault\u00bb global_colors_info=\u00bb{}\u00bb open=\u00bboff\u00bb]<\/p>\n<p>Un men\u00fa rotundo y equilibrado que combina texturas, contrastes y elaboraciones caseras con gui\u00f1os contempor\u00e1neos, perfecto para amantes de los sabores intensos.<\/p>\n<p><strong>Selecci\u00f3n de entrantes para compartir:<\/strong><\/p>\n<ul>\n<li>Ensaladilla de burrata con pera caramelizada, pesto y jam\u00f3n de pato.<\/li>\n<li>Croqueta de la abuela.<\/li>\n<li>Croqueta de fideu\u00e1 negra.<\/li>\n<li>Crujiente de berenjena con su sofrito.<\/li>\n<li>Pulpo con cremoso de patata, sobrasada y huevo poch\u00e9.<\/li>\n<li>Codillo al carb\u00f3n en su jugo.<\/li>\n<\/ul>\n<p>[\/et_pb_accordion_item][et_pb_accordion_item title=\u00bbMen\u00fa Brasero &#8211; 50\u20ac\u00bb _builder_version=\u00bb4.27.4&#8243; _module_preset=\u00bbdefault\u00bb global_colors_info=\u00bb{}\u00bb open=\u00bboff\u00bb]<\/p>\n<p>Una selecci\u00f3n cuidada de entrantes con ra\u00edces tradicionales que da paso a principales elaborados con t\u00e9cnica lenta y cari\u00f1o, pensados para disfrutar de una experiencia gastron\u00f3mica completa.<\/p>\n<p><strong>Selecci\u00f3n de entrantes para compartir:<\/strong><\/p>\n<ul>\n<li>Tomate ali\u00f1ado con pur\u00e9 de ajo asado.<\/li>\n<li>Foie Mi Cuit de Pic\u00f3n.<\/li>\n<li>Croqueta de la abuela.<\/li>\n<li>Puerros confitados en salsa romesco y picada de frutos secos.<\/li>\n<\/ul>\n<p><strong>Elecci\u00f3n de principal:<\/strong><\/p>\n<ul>\n<li>Bacalao confitado acompa\u00f1ado de boniato asado y salsa de vino.<\/li>\n<li>Carrilleras de cerdo ib\u00e9rico guisadas con patata mortero.<\/li>\n<\/ul>\n<p>[\/et_pb_accordion_item][et_pb_accordion_item title=\u00bbMen\u00fa Arraigo &#8211; 55\u20ac\u00bb _builder_version=\u00bb4.27.4&#8243; _module_preset=\u00bbdefault\u00bb global_colors_info=\u00bb{}\u00bb open=\u00bboff\u00bb]<\/p>\n<p>Un homenaje a la cocina de siempre llevado a un nivel superior: entrantes de producto excepcional y principales que reflejan nuestra identidad culinaria m\u00e1s profunda.<\/p>\n<p><strong>Selecci\u00f3n de entrantes para compartir:<\/strong><\/p>\n<ul>\n<li>Ensalada de burrata con pera caramelizada, pesto y jam\u00f3n de pato.<\/li>\n<li>Foie Mi Cuit de Pic\u00f3n.<\/li>\n<li>Anchoa del Cant\u00e1brico \u201cLos Sicilianos\u201d sobre pan brioche y mantequilla trufada.<\/li>\n<li>Croqueta de la abuela.<\/li>\n<\/ul>\n<p><strong>Elecci\u00f3n de principal:<\/strong><\/p>\n<ul>\n<li>Bacalao confitado acompa\u00f1ado de boniato asado y salsa de vino tinto.<\/li>\n<li>Pata de pulpo con cremoso de patata, sobrasada y huevo poch\u00e9.<\/li>\n<li>Rabo de toro guisado como siempre.<\/li>\n<li>Abanico ib\u00e9rico de bellota en soja y jengibre con guarnici\u00f3n de patatas fritas.<\/li>\n<\/ul>\n<p>[\/et_pb_accordion_item][\/et_pb_accordion][\/et_pb_column][et_pb_column type=\u00bb1_2&#8243; _builder_version=\u00bb4.27.4&#8243; _module_preset=\u00bb73121f80-a3ef-4484-8763-c3f18e3c56d2&#8243; custom_padding_tablet=\u00bb0px||||false|false\u00bb custom_padding_phone=\u00bb0px||||false|false\u00bb custom_padding_last_edited=\u00bboff|desktop\u00bb global_colors_info=\u00bb{}\u00bb][et_pb_cta title=\u00bbPensado para que todos disfruten\u00bb _builder_version=\u00bb4.27.4&#8243; _module_preset=\u00bbdefault\u00bb global_colors_info=\u00bb{}\u00bb]<\/p>\n<p>&nbsp;<\/p>\n<p>Cuidamos cada detalle para que tu experiencia en grupo sea c\u00f3moda, deliciosa y adaptada a todos. Estas son las atenciones que siempre incluimos en nuestros men\u00fas:<\/p>\n<p>\ud83e\udd56 Servicio de pan incluido<\/p>\n<p>\u2615 Caf\u00e9 incluido<\/p>\n<p>\ud83c\udf70 Surtido de postres incluido<\/p>\n<p>\ud83e\udd42 3 bebidas por persona (cerveza de barril, refrescos, agua y selecci\u00f3n del sumiller)<\/p>\n<p>\u267e\ufe0f Bebida ilimitada hasta el postre por +8 \u20ac<\/p>\n<p>\ud83c\udf3f Adaptamos los men\u00fas a alergias e intolerancias<\/p>\n<p>[\/et_pb_cta][\/et_pb_column][\/et_pb_row][\/et_pb_section][et_pb_section fb_built=\u00bb1&#8243; admin_label=\u00bbAbout\u00bb _builder_version=\u00bb4.25.1&#8243; _module_preset=\u00bbdefault\u00bb collapsed=\u00bbon\u00bb global_colors_info=\u00bb{}\u00bb][et_pb_row _builder_version=\u00bb4.27.4&#8243; _module_preset=\u00bbdefault\u00bb global_colors_info=\u00bb{}\u00bb][et_pb_column type=\u00bb4_4&#8243; _builder_version=\u00bb4.27.4&#8243; _module_preset=\u00bbdefault\u00bb global_colors_info=\u00bb{}\u00bb][et_pb_code _builder_version=\u00bb4.27.4&#8243; _module_preset=\u00bbdefault\u00bb width=\u00bb100%\u00bb custom_padding=\u00bb|0px||||\u00bb hover_enabled=\u00bb0&#8243; global_colors_info=\u00bb{}\u00bb sticky_enabled=\u00bb0&#8243;]<!-- T\u00cdTULO PRINCIPAL --><!-- [et_pb_line_break_holder] --><\/p>\n<h1 style=\"font-size:50px; font-weight:600; color:#000; text-align:left; margin-bottom:25px;\"><!-- [et_pb_line_break_holder] -->    Men\u00fa especial NOCHEVIEJA 2025<!-- [et_pb_line_break_holder] --><\/h1>\n<p><!-- [et_pb_line_break_holder] --><!-- [et_pb_line_break_holder] --><!-- BANNER DEBAJO DEL T\u00cdTULO --><!-- [et_pb_line_break_holder] --><\/p>\n<div style=\"background:#D6A87520; padding:18px 25px; border-left:4px solid #D6A875; border-radius:6px; margin-bottom:30px;\"><!-- [et_pb_line_break_holder] -->    <pee style=\"margin:0; font-size:18px;\"><!-- [et_pb_line_break_holder] -->        Celebra la \u00faltima noche del a\u00f1o con un men\u00fa pensado para compartir, brindar y disfrutar de la cocina que nos identifica. <!-- [et_pb_line_break_holder] -->        <!\u2013- [et_pb_br_holder] -\u2013><strong>Consultar por el men\u00fa infantil.<\/strong><!-- [et_pb_line_break_holder] -->    <\/pee><!-- [et_pb_line_break_holder] --><\/div>\n<p><!-- [et_pb_line_break_holder] --><!-- [et_pb_line_break_holder] --><!-- BLOQUE PRECIOS + INTRO A LO ANCHO --><!-- [et_pb_line_break_holder] --><\/p>\n<div style=\"margin-bottom:40px;\"><!-- [et_pb_line_break_holder] -->    <pee style=\"font-size:18px; margin:0;\"><!-- [et_pb_line_break_holder] -->        <strong style=\"color:#000;\">Precio especial anticipado:<\/strong> 99 \u20ac por persona hasta el <strong>15 de diciembre<\/strong>.<!\u2013- [et_pb_br_holder] -\u2013><!-- [et_pb_line_break_holder] -->        <strong style=\"color:#000;\">Precio final:<\/strong> 109 \u20ac por persona.<!-- [et_pb_line_break_holder] -->    <\/pee><!-- [et_pb_line_break_holder] -->    <pee style=\"margin-top:15px;\"><!-- [et_pb_line_break_holder] -->        Hemos dise\u00f1ado este men\u00fa especial para despedir el a\u00f1o celebrando la cocina que nos representa: producto, tradici\u00f3n <!-- [et_pb_line_break_holder] -->        y un toque festivo. Una propuesta cuidada para brindar, compartir y acoger el nuevo a\u00f1o alrededor de una mesa llena de sabor.<!-- [et_pb_line_break_holder] -->    <\/pee><!-- [et_pb_line_break_holder] --><\/div>\n<p><!-- [et_pb_line_break_holder] --><!-- [et_pb_line_break_holder] --><!-- BLOQUE EN DOS COLUMNAS --><!-- [et_pb_line_break_holder] --><\/p>\n<div style=\"display:flex; flex-wrap:wrap; gap:40px;\"><!-- [et_pb_line_break_holder] --><!-- [et_pb_line_break_holder] -->    <!-- COLUMNA IZQUIERDA --><!-- [et_pb_line_break_holder] -->    <\/p>\n<div style=\"flex:1; min-width:280px;\"><!-- [et_pb_line_break_holder] --><!-- [et_pb_line_break_holder] -->        <\/p>\n<h3 style=\"color:#D6A875; margin-bottom:10px;\"><strong>Tabla de aperitivos<\/strong><\/h3>\n<p><!-- [et_pb_line_break_holder] -->        <\/p>\n<ul style=\"list-style-type:none; padding-left:0; line-height:1.6;\"><!-- [et_pb_line_break_holder] -->            <\/p>\n<li>\u2022 Pastela moruna<\/li>\n<p><!-- [et_pb_line_break_holder] -->            <\/p>\n<li>\u2022 Focaccia de berenjena ahumada y pistacho<\/li>\n<p><!-- [et_pb_line_break_holder] -->            <\/p>\n<li>\u2022 Croqueta de vaca madurada<\/li>\n<p><!-- [et_pb_line_break_holder] -->        <\/ul>\n<p><!-- [et_pb_line_break_holder] --><!-- [et_pb_line_break_holder] -->        <\/p>\n<h3 style=\"color:#D6A875; margin:25px 0 10px;\"><strong>Entrantes<\/strong><\/h3>\n<p><!-- [et_pb_line_break_holder] -->        <\/p>\n<ul style=\"list-style-type:none; padding-left:0; line-height:1.6;\"><!-- [et_pb_line_break_holder] -->            <\/p>\n<li>\u2022 Carpaccio de gamb\u00f3n con tomate seco, pi\u00f1ones y albahaca<\/li>\n<p><!-- [et_pb_line_break_holder] -->            <\/p>\n<li>\u2022 Crema de puerros con patata y trufa negra<\/li>\n<p><!-- [et_pb_line_break_holder] -->            <\/p>\n<li>\u2022 \u00d1oquis con vieiras, alcachofas y setas<\/li>\n<p><!-- [et_pb_line_break_holder] -->            <\/p>\n<li>\u2022 Bacalao en tempura sobre cama de tomate, lim\u00f3n y d\u00e1tiles<\/li>\n<p><!-- [et_pb_line_break_holder] -->            <\/p>\n<li>\u2022 Sorbete de sidra con manzana<\/li>\n<p><!-- [et_pb_line_break_holder] -->        <\/ul>\n<p><!-- [et_pb_line_break_holder] --><!-- [et_pb_line_break_holder] -->        <\/p>\n<h3 style=\"color:#D6A875; margin:25px 0 10px;\"><strong>Plato principal<\/strong><\/h3>\n<p><!-- [et_pb_line_break_holder] -->        <\/p>\n<ul style=\"list-style-type:none; padding-left:0; line-height:1.6;\"><!-- [et_pb_line_break_holder] -->            <\/p>\n<li>\u2022 Pluma ib\u00e9rica a la parrilla lacada con salsa de soja y mango<\/li>\n<p><!-- [et_pb_line_break_holder] -->        <\/ul>\n<p><!-- [et_pb_line_break_holder] --><!-- [et_pb_line_break_holder] -->    <\/div>\n<p><!-- [et_pb_line_break_holder] --><!-- [et_pb_line_break_holder] -->    <!-- COLUMNA DERECHA --><!-- [et_pb_line_break_holder] -->    <\/p>\n<div style=\"flex:1; min-width:280px;\"><!-- [et_pb_line_break_holder] --><!-- [et_pb_line_break_holder] -->        <\/p>\n<h3 style=\"color:#D6A875; margin-bottom:10px;\"><strong>Postre<\/strong><\/h3>\n<p><!-- [et_pb_line_break_holder] -->        <\/p>\n<ul style=\"list-style-type:none; padding-left:0; line-height:1.6;\"><!-- [et_pb_line_break_holder] -->            <\/p>\n<li>\u2022 Mousse de chocolate y frutos rojos<\/li>\n<p><!-- [et_pb_line_break_holder] -->            <\/p>\n<li>\u2022 Delicias navide\u00f1as<\/li>\n<p><!-- [et_pb_line_break_holder] -->        <\/ul>\n<p><!-- [et_pb_line_break_holder] --><!-- [et_pb_line_break_holder] -->        <\/p>\n<h3 style=\"color:#D6A875; margin:25px 0 10px;\"><strong>Brindis y tradici\u00f3n<\/strong><\/h3>\n<p><!-- [et_pb_line_break_holder] -->        <\/p>\n<ul style=\"list-style-type:none; padding-left:0; line-height:1.6;\"><!-- [et_pb_line_break_holder] -->            <\/p>\n<li>\u2022 Copa de cava Brut Nature<\/li>\n<p><!-- [et_pb_line_break_holder] -->            <\/p>\n<li>\u2022 Uvas de la suerte<\/li>\n<p><!-- [et_pb_line_break_holder] -->            <\/p>\n<li>\u2022 Bolsa de cotill\u00f3n<\/li>\n<p><!-- [et_pb_line_break_holder] -->        <\/ul>\n<p><!-- [et_pb_line_break_holder] --><!-- [et_pb_line_break_holder] -->        <\/p>\n<h3 style=\"color:#D6A875; margin:25px 0 10px;\"><strong>Wine Cellar<\/strong><\/h3>\n<p><!-- [et_pb_line_break_holder] -->        <\/p>\n<ul style=\"list-style-type:none; padding-left:0; line-height:1.6;\"><!-- [et_pb_line_break_holder] -->            <\/p>\n<li>\u2022 Cerveza de barril<\/li>\n<p><!-- [et_pb_line_break_holder] -->            <\/p>\n<li>\u2022 Refrescos<\/li>\n<p><!-- [et_pb_line_break_holder] -->            <\/p>\n<li>\u2022 Agua<\/li>\n<p><!-- [et_pb_line_break_holder] -->            <\/p>\n<li>\u2022 Bodega seleccionada por nuestro sumiller<\/li>\n<p><!-- [et_pb_line_break_holder] -->        <\/ul>\n<p><!-- [et_pb_line_break_holder] --><!-- [et_pb_line_break_holder] -->    <\/div>\n<p><!-- [et_pb_line_break_holder] --><\/div>\n<p><!-- [et_pb_line_break_holder] --><!-- [et_pb_line_break_holder] --><!-- BLOQUE FINAL (SIN CONTACTOS) --><!-- [et_pb_line_break_holder] --><\/p>\n<div style=\"margin-top:50px; padding:25px; border:1px solid #D6A875; border-radius:10px;\"><!-- [et_pb_line_break_holder] -->    <\/p>\n<h3 style=\"color:#D6A875; margin-bottom:15px;\"><strong>Informaci\u00f3n importante<\/strong><\/h3>\n<p><!-- [et_pb_line_break_holder] --><!-- [et_pb_line_break_holder] -->    <pee style=\"margin:0 0 10px 0;\"><!-- [et_pb_line_break_holder] -->        \ud83e\uddd1\u200d\ud83e\udd1d\u200d\ud83e\uddd1  Men\u00fa disponible solo para la cena del 31 de diciembre.<!\u2013- [et_pb_br_holder] -\u2013><!-- [et_pb_line_break_holder] -->        \ud83c\udf3f  Adaptamos el men\u00fa a alergias e intolerancias alimentarias.<!\u2013- [et_pb_br_holder] -\u2013><!-- [et_pb_line_break_holder] -->        \ud83c\udf7d\ufe0f  Consultar disponibilidad para men\u00fa infantil.<!-- [et_pb_line_break_holder] -->    <\/pee><!-- [et_pb_line_break_holder] --><\/div>\n<p>[\/et_pb_code][\/et_pb_column][\/et_pb_row][\/et_pb_section]<\/p>","protected":false},"excerpt":{"rendered":"<p>En Pic\u00f3n Granada celebramos la cocina tradicional desde la cercan\u00eda y el respeto al producto. Nuestros men\u00fas para grupos est\u00e1n pensados para disfrutar juntos, compartir sabores y vivir una experiencia perfecta para cualquier ocasi\u00f3n.Una propuesta desenfadada y sabrosa donde el producto fresco, la tradici\u00f3n y los matices ahumados se encuentran en un men\u00fa ideal para [&hellip;]<\/p>","protected":false},"author":1,"featured_media":0,"parent":0,"menu_order":0,"comment_status":"closed","ping_status":"closed","template":"","meta":{"_et_pb_use_builder":"on","_et_pb_old_content":"","_et_gb_content_width":"","footnotes":""},"class_list":["post-417","page","type-page","status-publish","hentry"],"yoast_head":"<!-- This site is optimized with the Yoast SEO plugin v26.4 - https:\/\/yoast.com\/wordpress\/plugins\/seo\/ -->\n<title>Men\u00fas - Pic\u00f3n Granada<\/title>\n<meta name=\"robots\" content=\"index, follow, max-snippet:-1, max-image-preview:large, max-video-preview:-1\" \/>\n<link rel=\"canonical\" href=\"https:\/\/picongranada.es\/en\/supermenus\/\" \/>\n<meta property=\"og:locale\" content=\"en_US\" \/>\n<meta property=\"og:type\" content=\"article\" \/>\n<meta property=\"og:title\" content=\"Men\u00fas - Pic\u00f3n Granada\" \/>\n<meta property=\"og:description\" content=\"En Pic\u00f3n Granada celebramos la cocina tradicional desde la cercan\u00eda y el respeto al producto. Nuestros men\u00fas para grupos est\u00e1n pensados para disfrutar juntos, compartir sabores y vivir una experiencia perfecta para cualquier ocasi\u00f3n.Una propuesta desenfadada y sabrosa donde el producto fresco, la tradici\u00f3n y los matices ahumados se encuentran en un men\u00fa ideal para [&hellip;]\" \/>\n<meta property=\"og:url\" content=\"https:\/\/picongranada.es\/en\/supermenus\/\" \/>\n<meta property=\"og:site_name\" content=\"Pic\u00f3n Granada\" \/>\n<meta property=\"article:modified_time\" content=\"2025-12-22T23:36:13+00:00\" \/>\n<meta name=\"twitter:card\" content=\"summary_large_image\" \/>\n<script type=\"application\/ld+json\" class=\"yoast-schema-graph\">{\"@context\":\"https:\/\/schema.org\",\"@graph\":[{\"@type\":\"WebPage\",\"@id\":\"https:\/\/picongranada.es\/supermenus\/\",\"url\":\"https:\/\/picongranada.es\/supermenus\/\",\"name\":\"Men\u00fas - Pic\u00f3n Granada\",\"isPartOf\":{\"@id\":\"https:\/\/picongranada.es\/#website\"},\"datePublished\":\"2025-11-29T20:15:46+00:00\",\"dateModified\":\"2025-12-22T23:36:13+00:00\",\"breadcrumb\":{\"@id\":\"https:\/\/picongranada.es\/supermenus\/#breadcrumb\"},\"inLanguage\":\"en-US\",\"potentialAction\":[{\"@type\":\"ReadAction\",\"target\":[\"https:\/\/picongranada.es\/supermenus\/\"]}]},{\"@type\":\"BreadcrumbList\",\"@id\":\"https:\/\/picongranada.es\/supermenus\/#breadcrumb\",\"itemListElement\":[{\"@type\":\"ListItem\",\"position\":1,\"name\":\"Portada\",\"item\":\"https:\/\/picongranada.es\/\"},{\"@type\":\"ListItem\",\"position\":2,\"name\":\"Men\u00fas\"}]},{\"@type\":\"WebSite\",\"@id\":\"https:\/\/picongranada.es\/#website\",\"url\":\"https:\/\/picongranada.es\/\",\"name\":\"Pic\u00f3n Granada\",\"description\":\"Restaurante en Granada con cocina tradicional andaluza\",\"publisher\":{\"@id\":\"https:\/\/picongranada.es\/#organization\"},\"potentialAction\":[{\"@type\":\"SearchAction\",\"target\":{\"@type\":\"EntryPoint\",\"urlTemplate\":\"https:\/\/picongranada.es\/?s={search_term_string}\"},\"query-input\":{\"@type\":\"PropertyValueSpecification\",\"valueRequired\":true,\"valueName\":\"search_term_string\"}}],\"inLanguage\":\"en-US\"},{\"@type\":\"Organization\",\"@id\":\"https:\/\/picongranada.es\/#organization\",\"name\":\"Pic\u00f3n Granada\",\"url\":\"https:\/\/picongranada.es\/\",\"logo\":{\"@type\":\"ImageObject\",\"inLanguage\":\"en-US\",\"@id\":\"https:\/\/picongranada.es\/#\/schema\/logo\/image\/\",\"url\":\"https:\/\/picongranada.es\/wp-content\/uploads\/2024\/07\/Logo.png\",\"contentUrl\":\"https:\/\/picongranada.es\/wp-content\/uploads\/2024\/07\/Logo.png\",\"width\":557,\"height\":203,\"caption\":\"Pic\u00f3n Granada\"},\"image\":{\"@id\":\"https:\/\/picongranada.es\/#\/schema\/logo\/image\/\"},\"sameAs\":[\"https:\/\/www.instagram.com\/picon.granada\/?hl=es\"]}]}<\/script>\n<!-- \/ Yoast SEO plugin. -->","yoast_head_json":{"title":"Men\u00fas - Pic\u00f3n Granada","robots":{"index":"index","follow":"follow","max-snippet":"max-snippet:-1","max-image-preview":"max-image-preview:large","max-video-preview":"max-video-preview:-1"},"canonical":"https:\/\/picongranada.es\/en\/supermenus\/","og_locale":"en_US","og_type":"article","og_title":"Men\u00fas - Pic\u00f3n Granada","og_description":"En Pic\u00f3n Granada celebramos la cocina tradicional desde la cercan\u00eda y el respeto al producto. Nuestros men\u00fas para grupos est\u00e1n pensados para disfrutar juntos, compartir sabores y vivir una experiencia perfecta para cualquier ocasi\u00f3n.Una propuesta desenfadada y sabrosa donde el producto fresco, la tradici\u00f3n y los matices ahumados se encuentran en un men\u00fa ideal para [&hellip;]","og_url":"https:\/\/picongranada.es\/en\/supermenus\/","og_site_name":"Pic\u00f3n Granada","article_modified_time":"2025-12-22T23:36:13+00:00","twitter_card":"summary_large_image","schema":{"@context":"https:\/\/schema.org","@graph":[{"@type":"WebPage","@id":"https:\/\/picongranada.es\/supermenus\/","url":"https:\/\/picongranada.es\/supermenus\/","name":"Men\u00fas - Pic\u00f3n Granada","isPartOf":{"@id":"https:\/\/picongranada.es\/#website"},"datePublished":"2025-11-29T20:15:46+00:00","dateModified":"2025-12-22T23:36:13+00:00","breadcrumb":{"@id":"https:\/\/picongranada.es\/supermenus\/#breadcrumb"},"inLanguage":"en-US","potentialAction":[{"@type":"ReadAction","target":["https:\/\/picongranada.es\/supermenus\/"]}]},{"@type":"BreadcrumbList","@id":"https:\/\/picongranada.es\/supermenus\/#breadcrumb","itemListElement":[{"@type":"ListItem","position":1,"name":"Portada","item":"https:\/\/picongranada.es\/"},{"@type":"ListItem","position":2,"name":"Men\u00fas"}]},{"@type":"WebSite","@id":"https:\/\/picongranada.es\/#website","url":"https:\/\/picongranada.es\/","name":"Pic\u00f3n Granada","description":"Restaurante en Granada con cocina tradicional andaluza","publisher":{"@id":"https:\/\/picongranada.es\/#organization"},"potentialAction":[{"@type":"SearchAction","target":{"@type":"EntryPoint","urlTemplate":"https:\/\/picongranada.es\/?s={search_term_string}"},"query-input":{"@type":"PropertyValueSpecification","valueRequired":true,"valueName":"search_term_string"}}],"inLanguage":"en-US"},{"@type":"Organization","@id":"https:\/\/picongranada.es\/#organization","name":"Pic\u00f3n Granada","url":"https:\/\/picongranada.es\/","logo":{"@type":"ImageObject","inLanguage":"en-US","@id":"https:\/\/picongranada.es\/#\/schema\/logo\/image\/","url":"https:\/\/picongranada.es\/wp-content\/uploads\/2024\/07\/Logo.png","contentUrl":"https:\/\/picongranada.es\/wp-content\/uploads\/2024\/07\/Logo.png","width":557,"height":203,"caption":"Pic\u00f3n Granada"},"image":{"@id":"https:\/\/picongranada.es\/#\/schema\/logo\/image\/"},"sameAs":["https:\/\/www.instagram.com\/picon.granada\/?hl=es"]}]}},"_links":{"self":[{"href":"https:\/\/picongranada.es\/en\/wp-json\/wp\/v2\/pages\/417","targetHints":{"allow":["GET"]}}],"collection":[{"href":"https:\/\/picongranada.es\/en\/wp-json\/wp\/v2\/pages"}],"about":[{"href":"https:\/\/picongranada.es\/en\/wp-json\/wp\/v2\/types\/page"}],"author":[{"embeddable":true,"href":"https:\/\/picongranada.es\/en\/wp-json\/wp\/v2\/users\/1"}],"replies":[{"embeddable":true,"href":"https:\/\/picongranada.es\/en\/wp-json\/wp\/v2\/comments?post=417"}],"version-history":[{"count":6,"href":"https:\/\/picongranada.es\/en\/wp-json\/wp\/v2\/pages\/417\/revisions"}],"predecessor-version":[{"id":445,"href":"https:\/\/picongranada.es\/en\/wp-json\/wp\/v2\/pages\/417\/revisions\/445"}],"wp:attachment":[{"href":"https:\/\/picongranada.es\/en\/wp-json\/wp\/v2\/media?parent=417"}],"curies":[{"name":"wp","href":"https:\/\/api.w.org\/{rel}","templated":true}]}}